{"id":4909,"date":"2017-09-22T15:51:38","date_gmt":"2017-09-22T13:51:38","guid":{"rendered":"http:\/\/archivista.ch\/cms\/?page_id=4909"},"modified":"2017-12-21T22:34:16","modified_gmt":"2017-12-21T21:34:16","slug":"tourenportal-azurgo-ch","status":"publish","type":"page","link":"https:\/\/archivista.ch\/cms\/de\/aktuell-blog\/jahre-2008-2019\/blogs-2017\/tourenportal-azurgo-ch\/","title":{"rendered":"Tourenportal azurgo.ch"},"content":{"rendered":"<h1>Eine Reise bis zum Mittelmeer und etwas mehr&#8230;<\/h1>\n<p><em><strong>Egg, 22. September 2017:<\/strong> Aufmerksamen Besucher\/innen unserer Homepage d\u00fcrfte nicht entgangen sein, dass es die letzten Monate auf dieser Homepage keine neuen Blog-Artikel gab. Alle paar Jahre <strong><a href=\"https:\/\/archivista.ch\/cms\/de\/aktuell-blog\/blogs-2012\/auszeit-und-linuxtag-2012-berlin\/\">(letztmals 2012, mehr dazu hier)<\/a><\/strong> nehmen wir uns die Musse, Bisheriges kritisch zu hinterfragen, neue Wege auszuloten und ganz allgemein den Blick \u00fcber den Horizont zu \u00f6ffnen. Daraus ist eine Reise ans Mittelmeer entstanden, und damit letztlich das Tourenportal azugo.ch. Dieser Blog handelt von dieser Reise, von <strong><a href=\"http:\/\/azurgo.ch\">azurgo.ch<\/a><\/strong> und den neuen M\u00f6glichkeiten, die sich f\u00fcr unsere Produkte daraus ergeben.<\/em><\/p>\n<p><a href=\"https:\/\/archivista.ch\/cms\/wp-content\/uploads\/2017\/09\/mare.jpg\"><img loading=\"lazy\" decoding=\"async\" class=\"alignnone size-full wp-image-4916\" src=\"https:\/\/archivista.ch\/cms\/wp-content\/uploads\/2017\/09\/mare.jpg\" alt=\"\" width=\"798\" height=\"448\" srcset=\"https:\/\/archivista.ch\/cms\/wp-content\/uploads\/2017\/09\/mare.jpg 798w, https:\/\/archivista.ch\/cms\/wp-content\/uploads\/2017\/09\/mare-300x168.jpg 300w, https:\/\/archivista.ch\/cms\/wp-content\/uploads\/2017\/09\/mare-768x431.jpg 768w, https:\/\/archivista.ch\/cms\/wp-content\/uploads\/2017\/09\/mare-600x337.jpg 600w, https:\/\/archivista.ch\/cms\/wp-content\/uploads\/2017\/09\/mare-624x350.jpg 624w\" sizes=\"auto, (max-width: 798px) 100vw, 798px\" \/><\/a><\/p>\n<p>Normalerweise geht es in diesen Blogs nicht darum, Berufliches wie Privates zu vermischen. Sie als Kunde haben ein Anrecht darauf, dass wir uns beruflich professionell verhalten und im privaten Bereich gibt es &#8212; neben viel beruflichen Verpflichtungen &#8212; auch ein Privatleben. Der private Ausgleich zu beruflichen Verpflichtungen ist die letzten Jahre nicht weniger wichtig geworden, eher das Gegenteil ist der Fall. Positiv formuliert kann heute aus den Ferien ein jeder Job, den es beruflich zu erledigen gibt, gel\u00f6st werden. Vor-Ort-Eins\u00e4tze sind praktisch kaum mehr notwendig. Dabei gilt es die permanente Verf\u00fcgbarkeit \u00fcber das Internet &#8212; privat wie beruflich &#8212; zu meistern.<\/p>\n<h2>Das Projekt Mittelmeer<\/h2>\n<p>Aus diesem Grund haben wir als Familie privat begonnen, <strong><a href=\"https:\/\/azurgo.ch\/touren\/firenze\/varazze-geneova-voltri\">jedes Jahr einige Wochen zu wandern,<\/a><\/strong> in diesem Jahr neu ist eine <strong><a href=\"https:\/\/azurgo.ch\/touren\/rad-nach-graz\">l\u00e4ngere Radtour nach Graz<\/a><\/strong> hinzugekommen. Am Anfang war geplant, die Schweiz zu erkunden. Nun hatten wir die Reise bis zum Genfersee bereits im Jahre 2014 gemeistert und damit fast die ganze Schweiz durchwandert.<\/p>\n<p><a href=\"https:\/\/archivista.ch\/cms\/wp-content\/uploads\/2017\/09\/mare2.jpg\"><img loading=\"lazy\" decoding=\"async\" class=\"alignnone size-full wp-image-4919\" src=\"https:\/\/archivista.ch\/cms\/wp-content\/uploads\/2017\/09\/mare2.jpg\" width=\"600\" height=\"337\" srcset=\"https:\/\/archivista.ch\/cms\/wp-content\/uploads\/2017\/09\/mare2.jpg 798w, https:\/\/archivista.ch\/cms\/wp-content\/uploads\/2017\/09\/mare2-300x168.jpg 300w, https:\/\/archivista.ch\/cms\/wp-content\/uploads\/2017\/09\/mare2-768x431.jpg 768w, https:\/\/archivista.ch\/cms\/wp-content\/uploads\/2017\/09\/mare2-600x337.jpg 600w, https:\/\/archivista.ch\/cms\/wp-content\/uploads\/2017\/09\/mare2-624x350.jpg 624w\" sizes=\"auto, (max-width: 600px) 100vw, 600px\" \/><\/a><\/p>\n<p>Es stellte sich die Frage, wohin die Reise weitergehen sollte. <strong><a href=\"https:\/\/azurgo.ch\/touren\/mare\">2015 blieben wir weglos in Chamonix stecken<\/a><\/strong> und suchten darauf die k\u00fcrzeste Route ans Mittelmeer. Den k\u00fcrzesten Weg zum Meer fanden wir mit dem Ziel in Varazze. Die Tour absolvierten wir 2016. Und weil uns 2016 die Reise so gut gefiel, <strong><a href=\"https:\/\/azurgo.ch\/touren\/firenze\">wanderten wir dieses Jahr weiter von Varazze bis nach Florenz.<\/a><\/strong> Wer wandert, der hat Zeit, er geniesst die Freiheit langsam zu sein. Dies steht im besten Kontrast zum schnellen Leben der Informatik. Es darf hier gerne angemerkt werden, dass alle Support-Anfragen &#8212; auch w\u00e4hrend den Wanderungen &#8212; problemlos erledigt werden konnten.<\/p>\n<p>Irgendwann unterwegs ist die Idee entstanden, aus unseren Erlebnissen und Abenteuern einen Blog zu erstellen. Selbstverst\u00e4ndlich h\u00e4tten wir die Touren auch irgendwo online stellen k\u00f6nnen, doch schreckten uns die AGBs der Portale davon ab. Als Beispiel hier der Auszug aus einem Portal: <em>&#8222;Der Nutzer r\u00e4umt der Anbieterin das nicht ausschlie\u00dfliche, inhaltlich, r\u00e4umlich und zeitlich unbeschr\u00e4nkte Recht ein, auf die Plattform hochgeladene Werke unentgeltlich beliebig oft inhaltlich, r\u00e4umlich und zeitlich unbeschr\u00e4nkt auf allen von der Anbieterin betriebenen Websites zu nutzen. Die <strong><span style=\"color: #ff9900;\">Anbieterin ist berechtigt, die Werke in Online- und Offline-Netzen zu pr\u00e4sentieren, ver\u00f6ffentlichen, vervielf\u00e4ltigen, verbreiten, vermieten, sie zu digitalisieren, elektronisch zu speichern, internen und externen Nutzern zur Verf\u00fcgung zu stellen sowie zu branchen\u00fcblicher Werbung zu verwenden. Die Anbieterin und die Nutzer der Plattform sind berechtigt, die Werke unter Wahrung der Urheberrechte zu bearbeiten, zu k\u00fcrzen und zu \u00e4ndern.&#8220;<\/span><\/strong><\/em> Wer unter dieser Pr\u00e4misse sich die Zeit nimmt, Touren zu dokumentieren, daf\u00fcr viel Zeit aufwendet, m\u00f6chte am Ende nicht s\u00e4mtliche Rechte daran verlieren.<\/p>\n<h2>Das Portal <a href=\"http:\/\/azurgo.ch\">azurgo.ch<\/a><\/h2>\n<p>Daher machten wir uns daran, das Portal <strong><a href=\"https:\/\/azurgo.ch\/aktuell\/zu-neuem-leben-erweckt\">azurgo.ch<\/a><\/strong> aufzubauen. Der Aufwand daf\u00fcr war weit h\u00f6her als wir uns zu Beginn vorstellten. Oder sagen wir es so, letztlich war der Anspruch derart hoch, dass es auf einen hohen Zeitaufwand hinauflief. Im Unterschied zu anderen Portalen wollten wir von unseren gesamten Reise ans Meer am Ende ein Buch erstellen. Neben den uns\u00e4glichen AGBs der Platzhirsche scheitern fast alle Portale daran, dass die Touren nicht als Gesamtwerk publiziert werden k\u00f6nnen.<\/p>\n<p><a href=\"https:\/\/archivista.ch\/cms\/wp-content\/uploads\/2017\/09\/azurgo1.png\"><img loading=\"lazy\" decoding=\"async\" class=\"alignnone size-full wp-image-4920\" src=\"https:\/\/archivista.ch\/cms\/wp-content\/uploads\/2017\/09\/azurgo1.png\" width=\"600\" height=\"164\" srcset=\"https:\/\/archivista.ch\/cms\/wp-content\/uploads\/2017\/09\/azurgo1.png 748w, https:\/\/archivista.ch\/cms\/wp-content\/uploads\/2017\/09\/azurgo1-300x82.png 300w, https:\/\/archivista.ch\/cms\/wp-content\/uploads\/2017\/09\/azurgo1-600x164.png 600w, https:\/\/archivista.ch\/cms\/wp-content\/uploads\/2017\/09\/azurgo1-624x171.png 624w\" sizes=\"auto, (max-width: 600px) 100vw, 600px\" \/><\/a><\/p>\n<p>Wir bohrten somit WordPress so auf, dass wir ab den Blogs direkt PDF-Brosch\u00fcren erstellen konnten. Nun konnten wir zwar kosteneffizient Brosch\u00fcren erstellen (auch fanden wir Druckereien, welche diese preiswert in guter Qualit\u00e4t druckten), doch sahen die Brosch\u00fcren ab 50 Seiten nicht sehr einladend aus. Ohne einen professionell gestalteten Buchr\u00fccken ist kein Buchdruck m\u00f6glich. Zwar bieten einige SelfPublishing-Portale wie <strong><a href=\"http:\/\/lulu.com\">LuLu.com<\/a><\/strong> oder <strong><a href=\"http:\/\/BoD.ch\">BoD.ch <\/a><\/strong>einen Cover-Designer an, doch sind dort publizierte Werke im Druck sehr teuer (ca. 20 Franken pro 100 Seiten).<\/p>\n<p>Folglich ben\u00f6tigten wir ein Programm, mit dem Buch-Cover erstellt werden k\u00f6nnen. Auch hier gibt es mit Scribus ein OpenSource-Programm, das wir seit mehr als einem Jahrzehnt einsetzen. Die Kunst f\u00fcr unser Projekt lag darin, dass wir Scribus so automatisieren wollten, dass die gesamte Gestaltung auf Knopfdruck erfolgen kann. Die Interaktion zwischen WordPress und Scribus f\u00fchrte uns in s\u00e4mtliche Tiefen der Python-Programmierung. Immerhin, Python ist im Standardumfang unserer ArchivistaBox genauso enthalten, wie es die Sprachen Perl und PHP sind.<\/p>\n<p><a href=\"https:\/\/archivista.ch\/cms\/wp-content\/uploads\/2017\/09\/karte.jpg\"><img loading=\"lazy\" decoding=\"async\" class=\"alignnone size-large wp-image-4921\" src=\"https:\/\/archivista.ch\/cms\/wp-content\/uploads\/2017\/09\/karte-1024x731.jpg\" width=\"600\" height=\"428\" srcset=\"https:\/\/archivista.ch\/cms\/wp-content\/uploads\/2017\/09\/karte-1024x731.jpg 1024w, https:\/\/archivista.ch\/cms\/wp-content\/uploads\/2017\/09\/karte-300x214.jpg 300w, https:\/\/archivista.ch\/cms\/wp-content\/uploads\/2017\/09\/karte-768x549.jpg 768w, https:\/\/archivista.ch\/cms\/wp-content\/uploads\/2017\/09\/karte-600x429.jpg 600w, https:\/\/archivista.ch\/cms\/wp-content\/uploads\/2017\/09\/karte-624x446.jpg 624w, https:\/\/archivista.ch\/cms\/wp-content\/uploads\/2017\/09\/karte.jpg 1792w\" sizes=\"auto, (max-width: 600px) 100vw, 600px\" \/><\/a><\/p>\n<p>Und noch etwas wollten wir erledigt haben. In unserem Portal sollte es m\u00f6glich sein, mit m\u00f6gichst wenig Aufwand aus einem GPX-Track (Route) einen dazugeh\u00f6renden Kartenausschnitt zu generieren. Nun bietet WordPress viele Plugins an, mit denen GPS-Daten pr\u00e4sentiert werden k\u00f6nnen. Diese Karten werden \u00fcblicherweise \u00fcber eine JavaScript-Bibliothek mit den Daten ab <strong><a href=\"http:\/\/OpenStreetMap.org\">OpenStreetMap.org<\/a><\/strong> erstellt, und genau dies sollte beim Druck der Routen zur Herausforderung werden. Mit einigen weiteren Jobs im HIntergrund werden mittlerweile die Karten komplett automatisiert f\u00fcr die Web-Ansicht als auch f\u00fcr das publizierte Buch erstellt. Dabei werden die Eckdaten der Tour ebenfalls gleich ohne manuelles Erfassen im Hntergrund generiert. Von Hand ben\u00f6tigten wir fr\u00fcher daf\u00fcr pro Tour gut eine Viertelstunde.<\/p>\n<h2>SelfPublishing mit <a href=\"http:\/\/azurgo.ch\">azurgo.ch<\/a><\/h2>\n<p>Nun bietet WordPress viele tolle Funktionen, damit Dritte selber gewisse Seiten und Inhalte bearbeiten k\u00f6nnen. So dachten wir zun\u00e4chst daran, das Portal <strong><a href=\"http:\/\/azurgo.ch\">azurgo.ch<\/a><\/strong> so zu \u00f6ffnen, dass Dritte innerhalb von <strong><a href=\"http:\/\/azurgo.ch\">azurgo.ch<\/a><\/strong> einzelne Beitr\u00e4ge erfassten k\u00f6nnten. Bald zeichnete sich aber ab, dass das MultiSite-Konzept von WordPress daf\u00fcr deutlich besser und vor allem m\u00e4chtiger ist. Mit dem MultiSite-Konzept melden sich die Benutzer\/innen einmal auf unserem Portal <strong><a href=\"http:\/\/azurgo.ch\">azurgo.ch<\/a><\/strong> an und erhalten danach eine komplett eigene Homepage unter azurgo.ch\/irgendwas.<\/p>\n<p><a href=\"https:\/\/archivista.ch\/cms\/wp-content\/uploads\/2017\/09\/toskana.jpg\"><img loading=\"lazy\" decoding=\"async\" class=\"alignnone size-full wp-image-4922\" src=\"https:\/\/archivista.ch\/cms\/wp-content\/uploads\/2017\/09\/toskana.jpg\" width=\"600\" height=\"337\" srcset=\"https:\/\/archivista.ch\/cms\/wp-content\/uploads\/2017\/09\/toskana.jpg 798w, https:\/\/archivista.ch\/cms\/wp-content\/uploads\/2017\/09\/toskana-300x168.jpg 300w, https:\/\/archivista.ch\/cms\/wp-content\/uploads\/2017\/09\/toskana-768x431.jpg 768w, https:\/\/archivista.ch\/cms\/wp-content\/uploads\/2017\/09\/toskana-600x337.jpg 600w, https:\/\/archivista.ch\/cms\/wp-content\/uploads\/2017\/09\/toskana-624x350.jpg 624w\" sizes=\"auto, (max-width: 600px) 100vw, 600px\" \/><\/a><\/p>\n<p>Wer sich die M\u00fche macht, Touren zu erfassen und daraus Tourenb\u00fccher zu erstellen, sieht sich mit der Frage konfrontiert, ob die erstellten Werke auch in den Handel gelangen sollen. Wer z.B. bei <strong><a href=\"http:\/\/lulu.com\">LuLu.com<\/a><\/strong> oder <strong><a href=\"http:\/\/bod.ch\">BoD.ch<\/a><\/strong> publiziert, tritt die Rechte komplett ab, wer ein gedrucktes Buch mit ISBN-Nummer ver\u00f6ffentlichen m\u00f6chte, zahlt alleine f\u00fcr die Privatkopien stolze Preise (ca. 20 Franken f\u00fcr 100 farbige Buchseiten). Daher haben wir f\u00fcr das Portal <strong><a href=\"http:\/\/azurgo.ch\">azurgo.ch<\/a><\/strong> die M\u00f6glichkeit geschaffen, die <strong><a href=\"https:\/\/azurgo.ch\/aktuell\/eigene-buecher-mit-isbn\">Werke zu sehr moderaten Konditionen mit ISBN-Nummer zu publizieren.<\/a><\/strong><\/p>\n<p>Wir m\u00f6chten aber noch einen Schritt weiter gehen, aufgrund unserer eigenen Erfahrungen lernten wir, dass das Erstellen von Touren und das Wandern mit dem Navi oder Handy ohne etwas \u00dcbung nicht immer auf Anhieb klappen wird. Wer mit dem Handy am Ende den Weg nicht findet, geht ein nicht ganz kleines Risiko ein. Gerade in den Bergen w\u00e4re es \u00e4usserst gef\u00e4hrlich, am Abend nicht rechtzeitig anzukommen. Daher haben wir ein <strong><a href=\"https:\/\/azurgo.ch\/aktuell\/navi-und-gps-touren-kurse-21-10-17\">Kursangebot zum Navigieren mit GPS-Tracks erstellt.<\/a><\/strong> Und wer eigene Touren erstellen m\u00f6chte, der findet ebenfalls einen Kurs dazu, um dies zu bewerkstelligen. Und weil wir QMapShack daf\u00fcr ausgesprochen toll finden, das Zusammensuchen des Karten- und Routenmaterials dagegen nicht, haben wir unter <strong><a href=\"http:\/\/azurgo.ch\">azurgo.ch<\/a><\/strong> im Shop das <strong><a href=\"https:\/\/azurgo.ch\/produkt\/archivistabox-bietschhorn\">Produkt ArchivistaBox Bietschhorn<\/a><\/strong> kreiert.<\/p>\n<h2>Hoher Nutzen f\u00fcr die ArchivistaBox<\/h2>\n<p>Damit w\u00e4ren wir beim zentralen Punkt, was bringt das f\u00fcr die bisherigen Kunden der ArchivistaBoxen? Neben der neuen <strong><a href=\"https:\/\/azurgo.ch\/produkt\/archivistabox-bietschhorn\">ArchivistaBox Bietschhorn<\/a><\/strong> k\u00f6nnen zun\u00e4chst einmal alle ArchivistaBox-Kunden kostenfrei eine eigene Homepage \u00fcber <strong><a href=\"http:\/\/azurgo.ch\">azurgo.ch<\/a><\/strong> erstellen. Dank der Integration von WordPress auf unserer ArchivistaBox wird diese deutlich flexibler als bisher. So k\u00f6nnen wir neu <strong><a href=\"https:\/\/azurgo.ch\/shop\/\">professionelle Web-Shop-L\u00f6sungen (inkl. Kreditkartenzahlungen)<\/a><\/strong> zu fixen Preisen anbieten, die ArchivistaBox erh\u00e4lt damit &#8212; bei Bedarf &#8212; ein \u00e4usserst zeitgem\u00e4sses Erscheinungsbild<\/p>\n<p><a href=\"https:\/\/archivista.ch\/cms\/wp-content\/uploads\/2017\/09\/bietschhorn.jpg\"><img loading=\"lazy\" decoding=\"async\" class=\"alignnone size-large wp-image-4923\" src=\"https:\/\/archivista.ch\/cms\/wp-content\/uploads\/2017\/09\/bietschhorn-1024x576.jpg\" width=\"600\" height=\"338\" srcset=\"https:\/\/archivista.ch\/cms\/wp-content\/uploads\/2017\/09\/bietschhorn-1024x576.jpg 1024w, https:\/\/archivista.ch\/cms\/wp-content\/uploads\/2017\/09\/bietschhorn-300x169.jpg 300w, https:\/\/archivista.ch\/cms\/wp-content\/uploads\/2017\/09\/bietschhorn-768x432.jpg 768w, https:\/\/archivista.ch\/cms\/wp-content\/uploads\/2017\/09\/bietschhorn-600x338.jpg 600w, https:\/\/archivista.ch\/cms\/wp-content\/uploads\/2017\/09\/bietschhorn-624x351.jpg 624w, https:\/\/archivista.ch\/cms\/wp-content\/uploads\/2017\/09\/bietschhorn.jpg 1920w\" sizes=\"auto, (max-width: 600px) 100vw, 600px\" \/><\/a><\/p>\n<p>Weiter werden wir die f\u00fcr das <strong><a href=\"https:\/\/azurgo.ch\/aktuell\/tourenportal-online\">azurgo.ch-Portal<\/a><\/strong> realisierte L\u00f6sung auch auf der Homepage <strong><a href=\"https:\/\/archivista.ch\">archivista.ch<\/a><\/strong> einsetzen. Damit werden wir in der Lage sein, die Dokumentation zu unseren ArchivistaBox-Produkten zentral und\u00a0 zeitnah(er) zu erstellen und zu ver\u00f6ffentlichen. Noch ist nicht entschieden, ob WordPress in Zukunft auf allen ArchivistaBoxen per Default installiert sein wird, die Chancen dazu stehen gut, denn technisch realisiert findet sich die L\u00f6sung bereits auf den Portalen <strong><a href=\"http:\/\/azurgo.ch\">azurgo.ch<\/a><\/strong> und <strong><a href=\"https:\/\/archivista.ch\">archivista.ch.<\/a><\/strong><\/p>\n<p>Bekanntlich f\u00fchren viele Wege nach Rom. Im sprichw\u00f6rtlichsten Sinne sind wir privat bislang nach Florenz gewandert. Auch wenn der Weg bis nach Rom nicht gerade ein Katzensprung ist, so sind wir doch zuversichtlich &#8212; beruflich und privat &#8212; den Weg bis nach Rom mit viel Wonne und Sonne bald zur\u00fcckzulegen.<\/p>\n\n\n\n\t<div class=\"dkpdf-button-container\" style=\"            text-align:right \">\n\n\t\t<a class=\"dkpdf-button\" href=\"\/cms\/wp-json\/wp\/v2\/pages\/4909?pdf=4909\" target=\"_blank\"><span class=\"dkpdf-button-icon\"><i class=\"fa fa-file-pdf-o\"><\/i><\/span> PDF Button<\/a>\n\n\t<\/div>\n\n\n\n\n\n","protected":false},"excerpt":{"rendered":"<p>Eine Reise bis zum Mittelmeer und etwas mehr&#8230; Egg, 22. September 2017: Aufmerksamen Besucher\/innen unserer Homepage d\u00fcrfte nicht entgangen sein, dass es die letzten Monate auf dieser Homepage keine neuen Blog-Artikel gab. Alle paar Jahre (letztmals 2012, mehr dazu hier) nehmen wir uns die Musse, Bisheriges kritisch zu hinterfragen, neue Wege auszuloten und ganz allgemein [&hellip;]<\/p>\n","protected":false},"author":1,"featured_media":0,"parent":5147,"menu_order":197,"comment_status":"closed","ping_status":"closed","template":"","meta":{"_acf_changed":false,"footnotes":""},"class_list":["post-4909","page","type-page","status-publish","hentry"],"acf":[],"_links":{"self":[{"href":"https:\/\/archivista.ch\/cms\/wp-json\/wp\/v2\/pages\/4909","targetHints":{"allow":["GET"]}}],"collection":[{"href":"https:\/\/archivista.ch\/cms\/wp-json\/wp\/v2\/pages"}],"about":[{"href":"https:\/\/archivista.ch\/cms\/wp-json\/wp\/v2\/types\/page"}],"author":[{"embeddable":true,"href":"https:\/\/archivista.ch\/cms\/wp-json\/wp\/v2\/users\/1"}],"replies":[{"embeddable":true,"href":"https:\/\/archivista.ch\/cms\/wp-json\/wp\/v2\/comments?post=4909"}],"version-history":[{"count":10,"href":"https:\/\/archivista.ch\/cms\/wp-json\/wp\/v2\/pages\/4909\/revisions"}],"predecessor-version":[{"id":4930,"href":"https:\/\/archivista.ch\/cms\/wp-json\/wp\/v2\/pages\/4909\/revisions\/4930"}],"up":[{"embeddable":true,"href":"https:\/\/archivista.ch\/cms\/wp-json\/wp\/v2\/pages\/5147"}],"wp:attachment":[{"href":"https:\/\/archivista.ch\/cms\/wp-json\/wp\/v2\/media?parent=4909"}],"curies":[{"name":"wp","href":"https:\/\/api.w.org\/{rel}","templated":true}]}}