{"id":6196,"date":"2019-11-18T10:56:23","date_gmt":"2019-11-18T09:56:23","guid":{"rendered":"http:\/\/archivista.ch\/cms\/?page_id=6196"},"modified":"2022-10-06T21:51:57","modified_gmt":"2022-10-06T19:51:57","slug":"archivistabox-2019-x1","status":"publish","type":"page","link":"https:\/\/archivista.ch\/cms\/de\/aktuell-blog\/jahre-2008-2019\/blogs-2019\/archivistabox-2019-x1\/","title":{"rendered":"ArchivistaBox 2019\/XI"},"content":{"rendered":"<h1>Das Werk ist vollbracht<\/h1>\n<p><em><strong>Egg, 18. November 2019:<\/strong> Wie bereits vor einigen Monaten in diesen Blogs angek\u00fcndigt, die zuk\u00fcnftige ArchivistaBox basiert auf der Technologie von AVMultimedia. Umso mehr erf\u00fcllt es mit Freude, heute mitteilen zu k\u00f6nnen, dass die ArchivistaBox ab sofort auf der Basis von AVMultimedia ausgeliefert werden kann. Im nachfolgenden Blog wird aufgezeigt, warum dies zentral ist und einem eigentlichen Meilenstein in der Firmengeschichte nachkommt.<\/em><\/p>\n<p><a href=\"https:\/\/archivista.ch\/cms\/wp-content\/uploads\/2019\/11\/genfersee.jpg\"><img loading=\"lazy\" decoding=\"async\" class=\"alignnone size-full wp-image-6202\" src=\"https:\/\/archivista.ch\/cms\/wp-content\/uploads\/2019\/11\/genfersee.jpg\" alt=\"\" width=\"1920\" height=\"1080\" srcset=\"https:\/\/archivista.ch\/cms\/wp-content\/uploads\/2019\/11\/genfersee.jpg 1920w, https:\/\/archivista.ch\/cms\/wp-content\/uploads\/2019\/11\/genfersee-300x169.jpg 300w, https:\/\/archivista.ch\/cms\/wp-content\/uploads\/2019\/11\/genfersee-768x432.jpg 768w, https:\/\/archivista.ch\/cms\/wp-content\/uploads\/2019\/11\/genfersee-1024x576.jpg 1024w, https:\/\/archivista.ch\/cms\/wp-content\/uploads\/2019\/11\/genfersee-600x338.jpg 600w, https:\/\/archivista.ch\/cms\/wp-content\/uploads\/2019\/11\/genfersee-624x351.jpg 624w\" sizes=\"auto, (max-width: 1920px) 100vw, 1920px\" \/><\/a><\/p>\n<h2>Es war einmal eine ArchivistaBox<\/h2>\n<p>Die bisherige ArchivistaBox dient unseren Kunden als Business-Server f\u00fcr webbasiertes Dokumenten-Management-System (DMS). Seite 2011 wird die ArchivistaBox auch als Server zur Virtualisierung und mit ArchivistaERP steht gar eine browserbasierte ERP-L\u00f6sung zur Verf\u00fcgung.<\/p>\n<p>Al unsere Mitbewerber bieten nichts vergleichbares an. Zwar gibt es mittlerweile webbasierte DMS- und andere Business-L\u00f6sungen, nicht aber solche, die boxbasiert und fertig konfiguriert zu diesen Konditionen ausgeliefert werden. Trotzdem reifte \u00fcber die letzten Jahre der Entschluss, dass die bisherige ArchivistaBox den Anforderungen der Zukunft wohl nicht gen\u00fcgen d\u00fcrfte.<\/p>\n<p>Nun war\/ist es nicht so, dass Kunden Unzufriedenheit ge\u00e4ussert h\u00e4tten. Jedoch, wenn die ArchivistaBox Interessierten pr\u00e4sentiert wurde, dann wurde mitunter klar, die sparanische Oberfl\u00e4che der ArchivistaBox wird als nicht mehr zeitgem\u00e4ss empfunden, so speditiv sich auch damit arbeiten l\u00e4sst.<\/p>\n<p><a href=\"https:\/\/archivista.ch\/cms\/wp-content\/uploads\/2019\/11\/avbox-alt.png\"><img loading=\"lazy\" decoding=\"async\" class=\"alignnone size-full wp-image-6199\" src=\"https:\/\/archivista.ch\/cms\/wp-content\/uploads\/2019\/11\/avbox-alt.png\" alt=\"\" width=\"1017\" height=\"769\" srcset=\"https:\/\/archivista.ch\/cms\/wp-content\/uploads\/2019\/11\/avbox-alt.png 1017w, https:\/\/archivista.ch\/cms\/wp-content\/uploads\/2019\/11\/avbox-alt-300x227.png 300w, https:\/\/archivista.ch\/cms\/wp-content\/uploads\/2019\/11\/avbox-alt-768x581.png 768w, https:\/\/archivista.ch\/cms\/wp-content\/uploads\/2019\/11\/avbox-alt-600x454.png 600w, https:\/\/archivista.ch\/cms\/wp-content\/uploads\/2019\/11\/avbox-alt-624x472.png 624w\" sizes=\"auto, (max-width: 1017px) 100vw, 1017px\" \/><\/a><\/p>\n<p>Das ist weiter ja auch nicht erstaunlich, wurde die Oberfl\u00e4che (d.h. der Desktop) der ArchivistaBox in den Jahren 2004 bis 2007 erstellt. F\u00fcr all jene, welche keinen Zugang zur ArchivistaBox-Oberfl\u00e4che haben, oben stehend eine Abbildung des Desktops der bisherigen ArchivistaBox.<\/p>\n<h2>Darum braucht es die neue ArchivistaBox<\/h2>\n<p>Mit dem aktuellen Release 2019\/XI steht die neue ArchivistaBox nun erstmalig Kunden zur Verf\u00fcgung. Auch dazu kurz ein Abbild des Desktops der neuen ArchivistaBox.<\/p>\n<p><a href=\"https:\/\/archivista.ch\/cms\/wp-content\/uploads\/2019\/11\/avbox-neu.jpg\"><img loading=\"lazy\" decoding=\"async\" class=\"size-full wp-image-6201\" src=\"https:\/\/archivista.ch\/cms\/wp-content\/uploads\/2019\/11\/avbox-neu.jpg\" alt=\"\" width=\"1920\" height=\"1080\" srcset=\"https:\/\/archivista.ch\/cms\/wp-content\/uploads\/2019\/11\/avbox-neu.jpg 1920w, https:\/\/archivista.ch\/cms\/wp-content\/uploads\/2019\/11\/avbox-neu-300x169.jpg 300w, https:\/\/archivista.ch\/cms\/wp-content\/uploads\/2019\/11\/avbox-neu-768x432.jpg 768w, https:\/\/archivista.ch\/cms\/wp-content\/uploads\/2019\/11\/avbox-neu-1024x576.jpg 1024w, https:\/\/archivista.ch\/cms\/wp-content\/uploads\/2019\/11\/avbox-neu-600x338.jpg 600w, https:\/\/archivista.ch\/cms\/wp-content\/uploads\/2019\/11\/avbox-neu-624x351.jpg 624w\" sizes=\"auto, (max-width: 1920px) 100vw, 1920px\" \/><\/a><\/p>\n<p>Auf den ersten Blick d\u00fcrfte sicher auffallen, dass die Box &#8222;moderner&#8220; daherkommt. Einmal davon abgesehen, dass dem zweifelsohne zutrifft, bildet dies aber nicht den zentralen Punkt. Ein schicker Hintergrund und neue Icons, es w\u00e4re soooo einfach gewesen.<\/p>\n<p>Warum also braucht es fast zwei Jahre, bis die neue ArchivistaBox pr\u00e4sentiert werden kann? Wie gesagt, w\u00e4re es nur um eine &#8222;Pinselrenovation&#8220; gegangen, dann h\u00e4tte die neue ArchivistaBox bereits vor Jahren pr\u00e4sentiert werden k\u00f6nnen.<\/p>\n<h2>Das ist die neue ArchivistaBox<\/h2>\n<p>Das Outfit der neuen ArchivistaBox ist nicht der wichtigste Punkt. F\u00fcr uns und (wohl auch f\u00fcr) unsere Kunden entscheidend sind dagegen die folgenden (nicht abschliessenden) Punkte:<\/p>\n<p><strong>Multimediales Grundpaket:<\/strong> Die neue ArchivistaBox ben\u00f6tigt als ISO-Datei etwa 1.4 GByte an Daten. Gegen\u00fcber den 0.5 GByte des bisherigen Releases scheint das zun\u00e4chst kein Vorteil zu sein. Und wer diese Blogs dann und wann gelesen hat, weiss, dass hier keine Freude herrschte, wenn Software umfangreicher wird, ohne mehr Funktionalit\u00e4t zu bieten. Vorliegend verh\u00e4lt es sich anders. Die neue ArchivistaBox ist n\u00e4mlich nicht mehr nur ein spartanischer Server, sondern neu auch eine multimediale und mobile Schaltzentrale in einem. Kurz und gut: Der gesamte &#8222;Unterbau&#8220; von AVMultimedia steht neu zur Verf\u00fcgung.<\/p>\n<p><strong>Notebooks, Tablets und Server in einem:<\/strong> Die neue ArchivistaBox l\u00e4uft auf den allerneusten Prozessoren genauso wie auf den bisherigen Ger\u00e4ten. Die neue ArchivistaBox bietet Unterst\u00fctzung f\u00fcr mobile Ger\u00e4te, Touchscreens, WLAN und selbstverst\u00e4ndlich auch f\u00fcr Sound und bewegte Bilder (Videos). Damit aber nicht genug, die neue ArchivistaBox bietet f\u00fcr all diese Technologien auch die entsprechenden Tools\u00a0 direkt auf der Box an. Aktuell sind dies ca. 4 GByte an Software.<\/p>\n<p><strong>Schnell wie nie zuvor:<\/strong> Die ArchivistaBox ist urspr\u00fcnglich entstanden, weil es darum galt, eine Server-L\u00f6sung mit weniger Aufwand zu realisieren, als dies mit anderen Systemen (Linux wie Windows) damals m\u00f6glich war. Eine Installation von ca. 10 Minuten war damals sensationell. Im Jahre 2012 wurde gar der RAM-Modus (Hauptspeicher) eingef\u00fchrt, womit die Installation abgeschafft wurde. Damit konnte das Setup\/Hochfahren auf ca. 2 bis 3 Minuten reduziert werden. Neu sind noch ca. 10 bis 20 Sekunden. notwendig, um eine ArchivistaBox komplett einzurichten.<\/p>\n<p><strong>Mehr Leistung mit 64 Bit only:<\/strong> Die bisherige ArchivistaBox war f\u00fcr 64 Bit und f\u00fcr 32 Bit (OCR und ARM) verf\u00fcgbar. Die Fokussierung auf 64 Bit f\u00fchrt zun\u00e4chst dazu, dass es die alte OCR-Technologie nicht mehr geben wird. Die neue OCR ist mittlerweile aber l\u00e4ngst deutlich leistungsf\u00e4higer. Die ArchivistaBox Bachtel wird es in dieser Form nicht mehr geben, da diese ARM basiert ist. Kunden der ArchivistaBox Bachtel k\u00f6nnen bis zum 31.6.2019 f\u00fcr pauschal 120 Franken auf die ArchivistaBox Dolder migrieren. Weil das Einstiegsmodell Bachtel &#8222;fehlt&#8220;, wird da\u00fcr der Preis der ArchivistaBox Dolder gesenkt, f\u00fcr neu 330 Franken ist der Einstieg in die Welt der ArchivistaBoxen m\u00f6glich.<\/p>\n<p><a href=\"https:\/\/archivista.ch\/cms\/wp-content\/uploads\/2019\/11\/genfersee2.jpg\"><img loading=\"lazy\" decoding=\"async\" class=\"alignnone size-full wp-image-6203\" src=\"https:\/\/archivista.ch\/cms\/wp-content\/uploads\/2019\/11\/genfersee2.jpg\" alt=\"\" width=\"1920\" height=\"1080\" srcset=\"https:\/\/archivista.ch\/cms\/wp-content\/uploads\/2019\/11\/genfersee2.jpg 1920w, https:\/\/archivista.ch\/cms\/wp-content\/uploads\/2019\/11\/genfersee2-300x169.jpg 300w, https:\/\/archivista.ch\/cms\/wp-content\/uploads\/2019\/11\/genfersee2-768x432.jpg 768w, https:\/\/archivista.ch\/cms\/wp-content\/uploads\/2019\/11\/genfersee2-1024x576.jpg 1024w, https:\/\/archivista.ch\/cms\/wp-content\/uploads\/2019\/11\/genfersee2-600x338.jpg 600w, https:\/\/archivista.ch\/cms\/wp-content\/uploads\/2019\/11\/genfersee2-624x351.jpg 624w\" sizes=\"auto, (max-width: 1920px) 100vw, 1920px\" \/><\/a><\/p>\n<h2>Gut zu wissen&#8230;<\/h2>\n<p><strong>Support:<\/strong> Im Jahre 2016 wurde die aktuelle ArchivistaBox eingef\u00fchrt, dies mit einem Supportzeitraum bis Ende 2021. Daran \u00e4ndert sich mit der Einf\u00fchrung der neuen ArchivistaBox nichts. Ab sofort k\u00f6nnen aber alle ArchivistaBox-Systeme auf der Basis der neuen Technologie bezogen werden. Die aktuelle Technologie wird die Jahre 2019 bis 2024 abdecken.<\/p>\n<p><strong>Upgrades<\/strong> von der bestehenden auf die neue ArchivistaBox k\u00f6nnen jederzeit durchgef\u00fchrt werden. Es gilt aber zu beachten, dass aufgrund des Wechsels von Legacy-Boot zu UEFI allf\u00e4llig Einstellungen im BIOS vorgenommen werden m\u00fcssen. Daher wird ein Upgrade ohne Hilfestellung nur erfahrenen Kunden empfohlen. Alle anderen profitieren von tiefen Upgrade-Kosten. Es versteht sich von selbst, dass bei einem Hochfahren der neuen ArchivistaBox von noch 10 bis 20 Sekunden keine exorbitanten Upgrade-Kosten enstehen werden.<\/p>\n<p><strong>Neues Buld-System:<\/strong> Bisher wurden f\u00fcr das Erstellen unserer L\u00f6sungen vier Rechner ben\u00f6tigt (Entwicklung, ArchivistaVM, ArchivistaDMS\/ERP sowie Buld-Rechner). Neu erfolgt dieser Prozess auf einem Rechner. Dies f\u00fchrt zu deutlich k\u00fcrzeren Test- und Releasy-Zyklen (aktuell ca. 10 Minuten, um neue Systeme zu erstellen). Mussten bisher vier verschiedene Instanzen gewartet und getestet werden, erfolgt dieser Prozess neu noch auf einem Rechner.<\/p>\n<h2>Das bringt die Zukunft&#8230;<\/h2>\n<p>Die Entwicklung der neuen ArchivistaBox war deutlich anspruchsvoller und aufw\u00e4ndiger als angenommen. Die Kompelxit\u00e4t eines multimedialen Desktops und Servers aus einem Guss war bzw. ist anspruchsvoll. Leider mussten dabei viele ausstehenden Arbeiten zur\u00fcckgestellt werden.<\/p>\n<p>\u00dcber die n\u00e4chsten Monate wird es darum gehen, diese Pendenzen abzutragen. Danach werden die neuen ArchivistaBoxen mit Wonne neue Features erhalten, die auf den bisherigen ArchivistaBoxen nie m\u00f6glich gewesen w\u00e4ren (Stichwort Archivierung von Bild und Ton). Ein Upgrade auf die aktuelle Technologie kann daher allen Kunden bereits heute w\u00e4rmstens empfohlen werden.<\/p>\n<p><a href=\"https:\/\/archivista.ch\/cms\/wp-content\/uploads\/2019\/11\/genfersee3.jpg\"><img loading=\"lazy\" decoding=\"async\" class=\"alignnone size-full wp-image-6207\" src=\"https:\/\/archivista.ch\/cms\/wp-content\/uploads\/2019\/11\/genfersee3.jpg\" alt=\"\" width=\"1920\" height=\"1080\" srcset=\"https:\/\/archivista.ch\/cms\/wp-content\/uploads\/2019\/11\/genfersee3.jpg 1920w, https:\/\/archivista.ch\/cms\/wp-content\/uploads\/2019\/11\/genfersee3-300x169.jpg 300w, https:\/\/archivista.ch\/cms\/wp-content\/uploads\/2019\/11\/genfersee3-768x432.jpg 768w, https:\/\/archivista.ch\/cms\/wp-content\/uploads\/2019\/11\/genfersee3-1024x576.jpg 1024w, https:\/\/archivista.ch\/cms\/wp-content\/uploads\/2019\/11\/genfersee3-600x338.jpg 600w, https:\/\/archivista.ch\/cms\/wp-content\/uploads\/2019\/11\/genfersee3-624x351.jpg 624w\" sizes=\"auto, (max-width: 1920px) 100vw, 1920px\" \/><\/a><\/p>\n<h2>Darum ist die neue ArchivistaBox ein Meilenstein<\/h2>\n<p>Neben der Tatsache, dass die neue ArchivistaBox schick und modern daherkommt und weltrekordverd\u00e4chtich schnell aufgesetzt ist, bietet die neue ArchivistaBox vor allem das, woran heute viele L\u00f6sungen scheitern. Hand aufs Herz: Wieviele Software gibt es noch, die f\u00fcr sich autonom l\u00e4uft bzw. ohne Update-Qualen auskommt? Dies ist und bleibt das Herzst\u00fcck der ArchivistaBox, denn die ArchivistaBox l\u00e4uft auch dann 100% weiter bzw. schon immer 100% autonom, ohne dass je eine Verbindung zum Netz bestehen muss.<\/p>\n<p>Zugegeben, eine solche Autonomie ist heute schwieriger zu bewerkstelligen. Daraus aber abzuleiten, eine solche Autonomie sei l\u00e4ngst veraltet (wie dies gewisse Internet-Tech-Konzerne mantram\u00e4ssig durch das Web &#8222;pusten&#8220;)\u00a0 ist deutlich zu kurz gegriffen. Welchen Nutzen sollte jemand haben, der abh\u00e4nig ist? Letztlich ist eine Abh\u00e4ngikeit nur f\u00fcr den lukrativ, der die Hoheit \u00fcber diese hat.<\/p>\n<p>Firmen (im \u00fcbrigen auch wir als Gesellschaft) sind gut beraten, sich nicht (zu fest) darauf einzulassen. Wenn Business-L\u00f6sungen derart in der Cloud laufen oder Daten daraus nachladen m\u00fcssen, um arbeitsf\u00e4hig zu bleiben, dann sollten wir uns (fr\u00fcher wie sp\u00e4ter) nicht wundern, wenn das Gesch\u00e4ft schneller in die Cloud abwandert als dies \u00fcberhaupt bemwerkt wird. Welcher Cloud-Anbieter garantiert, dass nicht er oder Dritte (befugt oder unbefugt) Zugriff auf die Dienste und Daten erhalten?<\/p>\n<p>Die Herausforderung liegt nicht darin, Daten auszulagern; dies ist einfach zu bewerkstelligen (und mit jeder ArchivistaBox l\u00e4ngst bei Bedarf machbar). Die Kunst bei (Business)-L\u00f6sungen besteht heute vielmehr darin, moderne Technologie vor Ort so einfach vorr\u00e4tig zu haben, dass sich die Frage des Wo und des Wann&#8217;s (sprich der Cloud) gar nicht erst stellt &#8212; und dies bei 100 % Autonomie der L\u00f6sung (hier ArchivistaBox).<\/p>\n<p>Die neue ArchivistaBox ist technologisch radikal einfach und bietet eine Leistungsf\u00e4higkeit, die es so bislang auf dem Desktop und mobil ready-to-use nicht gibt. Und darum ist die neue ArchivistaBox ein Meilenstein.<\/p>\n\n\n\n\t<div class=\"dkpdf-button-container\" style=\"            text-align:right \">\n\n\t\t<a class=\"dkpdf-button\" href=\"\/cms\/wp-json\/wp\/v2\/pages\/6196?pdf=6196\" target=\"_blank\"><span class=\"dkpdf-button-icon\"><i class=\"fa fa-file-pdf-o\"><\/i><\/span> PDF Button<\/a>\n\n\t<\/div>\n\n\n\n\n\n","protected":false},"excerpt":{"rendered":"<p>Das Werk ist vollbracht Egg, 18. November 2019: Wie bereits vor einigen Monaten in diesen Blogs angek\u00fcndigt, die zuk\u00fcnftige ArchivistaBox basiert auf der Technologie von AVMultimedia. Umso mehr erf\u00fcllt es mit Freude, heute mitteilen zu k\u00f6nnen, dass die ArchivistaBox ab sofort auf der Basis von AVMultimedia ausgeliefert werden kann. Im nachfolgenden Blog wird aufgezeigt, warum [&hellip;]<\/p>\n","protected":false},"author":1,"featured_media":0,"parent":6274,"menu_order":172,"comment_status":"closed","ping_status":"closed","template":"","meta":{"_acf_changed":false,"footnotes":""},"class_list":["post-6196","page","type-page","status-publish","hentry"],"acf":[],"_links":{"self":[{"href":"https:\/\/archivista.ch\/cms\/wp-json\/wp\/v2\/pages\/6196","targetHints":{"allow":["GET"]}}],"collection":[{"href":"https:\/\/archivista.ch\/cms\/wp-json\/wp\/v2\/pages"}],"about":[{"href":"https:\/\/archivista.ch\/cms\/wp-json\/wp\/v2\/types\/page"}],"author":[{"embeddable":true,"href":"https:\/\/archivista.ch\/cms\/wp-json\/wp\/v2\/users\/1"}],"replies":[{"embeddable":true,"href":"https:\/\/archivista.ch\/cms\/wp-json\/wp\/v2\/comments?post=6196"}],"version-history":[{"count":17,"href":"https:\/\/archivista.ch\/cms\/wp-json\/wp\/v2\/pages\/6196\/revisions"}],"predecessor-version":[{"id":9569,"href":"https:\/\/archivista.ch\/cms\/wp-json\/wp\/v2\/pages\/6196\/revisions\/9569"}],"up":[{"embeddable":true,"href":"https:\/\/archivista.ch\/cms\/wp-json\/wp\/v2\/pages\/6274"}],"wp:attachment":[{"href":"https:\/\/archivista.ch\/cms\/wp-json\/wp\/v2\/media?parent=6196"}],"curies":[{"name":"wp","href":"https:\/\/api.w.org\/{rel}","templated":true}]}}