{"id":9981,"date":"2024-02-22T17:31:34","date_gmt":"2024-02-22T16:31:34","guid":{"rendered":"https:\/\/archivista.ch\/cms\/?page_id=9981"},"modified":"2024-02-23T15:42:28","modified_gmt":"2024-02-23T14:42:28","slug":"blogs-2023","status":"publish","type":"page","link":"https:\/\/archivista.ch\/cms\/de\/aktuell-blog\/blogs-2023\/","title":{"rendered":"Blogs 2023"},"content":{"rendered":"<h1>Jahresr\u00fcckblick<\/h1>\n<p><em><strong>In den Bergen, 22. Februar 2024: <a href=\"http:\/\/blogs 2022\">Letztes Jahr an dieser Stelle erfolgte der Jahresr\u00fcckblick erst Mitte Januar.<\/a><\/strong> Dies ausdr\u00fccklich mit der Anmerkung, dass dies ausnahmsweise so sei. Und nun das, die Nabelschau auf das Jahr 2023 erfolgt gar erst im Februar. Geplant war es nicht, und doch bot diese gr\u00f6ssere Pause viel Zeit, um neue Kr\u00e4fte zu sammeln. Bekanntlich gilt, aufgeschoben ist nicht aufgehoben und so soll es im &#8222;versp\u00e4teten&#8220; Jahresr\u00fcckblick darum gehen, dass auch nach 25 Jahren Archivista die Weiterentwicklung an erster Stelle steht. <\/em><em>Ohne die Linux-Distribution AVMultimedia w\u00e4re dies so nicht m\u00f6glich, und darum sei AVMultimedia hier nochmals speziell &#8222;gew\u00fcrdigt&#8220;.<br \/>\n<\/em><\/p>\n<p><a href=\"https:\/\/archivista.ch\/cms\/wp-content\/uploads\/2024\/02\/davos2.jpg\"><img loading=\"lazy\" decoding=\"async\" class=\"alignnone size-full wp-image-9991\" src=\"https:\/\/archivista.ch\/cms\/wp-content\/uploads\/2024\/02\/davos2.jpg\" alt=\"\" width=\"1920\" height=\"369\" srcset=\"https:\/\/archivista.ch\/cms\/wp-content\/uploads\/2024\/02\/davos2.jpg 1920w, https:\/\/archivista.ch\/cms\/wp-content\/uploads\/2024\/02\/davos2-300x58.jpg 300w, https:\/\/archivista.ch\/cms\/wp-content\/uploads\/2024\/02\/davos2-1024x197.jpg 1024w, https:\/\/archivista.ch\/cms\/wp-content\/uploads\/2024\/02\/davos2-768x148.jpg 768w, https:\/\/archivista.ch\/cms\/wp-content\/uploads\/2024\/02\/davos2-600x115.jpg 600w, https:\/\/archivista.ch\/cms\/wp-content\/uploads\/2024\/02\/davos2-1536x295.jpg 1536w, https:\/\/archivista.ch\/cms\/wp-content\/uploads\/2024\/02\/davos2-624x120.jpg 624w\" sizes=\"auto, (max-width: 1920px) 100vw, 1920px\" \/><\/a><\/p>\n<h1>25 Jahre Archivista: Stetige Weiterentwicklung<\/h1>\n<p>Getreu der Philosophie unserer Firma bedeutet ein Firmenjubil\u00e4um nicht, dass dies mit \u00fcppigen Festen und Pomp gefeiert werden muss. Die Ressourcen sind immer limitiert, und darum bedeutet ein Firmenjubil\u00e4um weit eher, dass die ArchivistaBox ganz einfach stetig, in kleinen Schritten, weiterentwickelt wird.<\/p>\n<p>Dieses stetige Streben nach Verbesserung bietet den Vorteil, dass unsere Produkte evolution\u00e4r wachsen. Nat\u00fcrlich gibt es auch bei der ArchivistaBox dann und wann gr\u00f6ssere W\u00fcrfe. Mit der Einf\u00fchrung der multimedialen ArchivistaBox war dies letztmalig Ende 2019 der Fall. Im letzten Jahr erfolgten in dieser Hinsicht nochmals elementare Neuerungen.<\/p>\n<p>So bietet die ArchivistaBox neu die M\u00f6glichkeit, s\u00e4mtliche Videos automatisiert so zu optimieren, dass sie in ArchivistaDMS in guter Qualit\u00e4t abgelegt werden k\u00f6nnen, ohne dass die Festplatten unn\u00f6tig aufgebl\u00e4ht werden. Das mag nun recht trivial erscheinen, ist es aber nicht. Letztlich geht es dabei darum, ob Filme vier- bis zehnmal mehr Speicherplatz ben\u00f6tigen oder (wie hier vorliegend) nicht.<\/p>\n<p><a href=\"https:\/\/archivista.ch\/cms\/wp-content\/uploads\/2024\/02\/davos4.jpg\"><img loading=\"lazy\" decoding=\"async\" class=\"alignnone size-full wp-image-9993\" src=\"https:\/\/archivista.ch\/cms\/wp-content\/uploads\/2024\/02\/davos4.jpg\" alt=\"\" width=\"1920\" height=\"328\" srcset=\"https:\/\/archivista.ch\/cms\/wp-content\/uploads\/2024\/02\/davos4.jpg 1920w, https:\/\/archivista.ch\/cms\/wp-content\/uploads\/2024\/02\/davos4-300x51.jpg 300w, https:\/\/archivista.ch\/cms\/wp-content\/uploads\/2024\/02\/davos4-1024x175.jpg 1024w, https:\/\/archivista.ch\/cms\/wp-content\/uploads\/2024\/02\/davos4-768x131.jpg 768w, https:\/\/archivista.ch\/cms\/wp-content\/uploads\/2024\/02\/davos4-600x103.jpg 600w, https:\/\/archivista.ch\/cms\/wp-content\/uploads\/2024\/02\/davos4-1536x262.jpg 1536w, https:\/\/archivista.ch\/cms\/wp-content\/uploads\/2024\/02\/davos4-624x107.jpg 624w\" sizes=\"auto, (max-width: 1920px) 100vw, 1920px\" \/><\/a><\/p>\n<h2>AVMultimedia: Grundlage der ArchivistaBox<\/h2>\n<p>Am 6. Februar 2018 wurde <strong><a href=\"https:\/\/archivista.ch\/cms\/de\/aktuell-blog\/jahre-2008-2019\/blogs-2018\/avmultimedia\/\">AVMultimedia hier<\/a><\/strong> vorgestellt. Vor mehr als sechs Jahren bedeutete der Einstieg in die multimediale Welt mit Linux f\u00fcr die Firma Archivista reichlich Neuland. Ging es am Anfang prim\u00e4r darum, dass Video-Dateien einigermassen performant abgespielt werden konnten, so wurde das Konzept bald darauf erweitert, um entsprechende Inhalte mit AVMultimedia aus einem Guss erstellen und verwalten zu k\u00f6nnen.<\/p>\n<p>Zentral bei AVMultimedia ist, das Betriebssystem wird innert Sekunden ab dem Installationsmedium (USB-Stick oder ISO-Datei ab Festplatte) mit s\u00e4mtlichen Applikationen in den Hauptspeicher hochgefahren und steht ready-to-use zum Arbeiten zur Verf\u00fcgung. Das darunterliegende Konzept (RAM-Distribution) basiert auf der ArchivistaBox aus dem Jahre 2010.<\/p>\n<p>Zwar gab es auch schon damals einige Linux-Distributionen, welche als Live-CD in den Hauptspeicher geladen werden konnten, doch zum Arbeiten war der Live-CD-Ansatz nicht gedacht, dazu schien der RAM-Speicher zu beschr\u00e4nkt zu sein. Dank moderner Komprimierung und Auslagerung kann nach 6 Jahren Erfahrung mit AVMultimedia (bei der ArchivistaBox sind es bereits 12 Jahre) festgehalten werden, dass dies kein Problem darstellt. Aus dem &#8222;RAM-Konzept&#8220; ergeben sich zentrale Vorteile:<\/p>\n<ul>\n<li>Hochfahren und Loslegen mit s\u00e4mtlichen Apps (Ready-to-use)<\/li>\n<li>Beliebige Up- und Downgrades m\u00f6glich (ISO-Datei enth\u00e4lt gesamtes OS)<\/li>\n<li>Bescheidene(re) Hardwareanforderungen (ab 2 GB Hauptspeicher)<\/li>\n<li>Minimaler Wartungsaufwand (Neustart bei Problemen und gut ist)<\/li>\n<\/ul>\n<p>Obwohl AVMultimedia all diese Vorteile bietet, findet das Projekt eher wenig Beachtung. Windows-Anwender\/innen scheitern daran, dass aktuelle Rechner so konfiguriert sind, dass alternative Betriebssysteme nur m\u00fchsam (BIOS-Anpassungen) gestartet werden k\u00f6nnen. Linux-Cracks m\u00f6chten ihren Desktop in allen Facetten selber anpassen und schw\u00f6ren auf eine Standard-Distribution ihrer Wahl.<\/p>\n<p>Trotzdem bildet AVMultimedia auch in Zukunft die Grundlage f\u00fcr die ArchivistaBox, denn ohne das Konzept von AVMultimedia w\u00e4re es unm\u00f6glich, auf der ArchivistaBox multimediale Inhalte so verarbeiten und verwalten zu k\u00f6nnen.<\/p>\n<p><a href=\"https:\/\/archivista.ch\/cms\/wp-content\/uploads\/2024\/02\/davos1.jpg\"><img loading=\"lazy\" decoding=\"async\" class=\"alignnone size-full wp-image-9990\" src=\"https:\/\/archivista.ch\/cms\/wp-content\/uploads\/2024\/02\/davos1.jpg\" alt=\"\" width=\"1920\" height=\"275\" srcset=\"https:\/\/archivista.ch\/cms\/wp-content\/uploads\/2024\/02\/davos1.jpg 1920w, https:\/\/archivista.ch\/cms\/wp-content\/uploads\/2024\/02\/davos1-300x43.jpg 300w, https:\/\/archivista.ch\/cms\/wp-content\/uploads\/2024\/02\/davos1-1024x147.jpg 1024w, https:\/\/archivista.ch\/cms\/wp-content\/uploads\/2024\/02\/davos1-768x110.jpg 768w, https:\/\/archivista.ch\/cms\/wp-content\/uploads\/2024\/02\/davos1-600x86.jpg 600w, https:\/\/archivista.ch\/cms\/wp-content\/uploads\/2024\/02\/davos1-1536x220.jpg 1536w, https:\/\/archivista.ch\/cms\/wp-content\/uploads\/2024\/02\/davos1-624x89.jpg 624w\" sizes=\"auto, (max-width: 1920px) 100vw, 1920px\" \/><\/a><\/p>\n<h2>Smartphones: Quelloffene L\u00f6sungen (AVMultiPhone) &#8222;gescheitert&#8220; ?<\/h2>\n<p>Aktuell haben Smartphones f\u00fcr viele Nutzer\/innen den Desktop-Computer l\u00e4ngst abgel\u00f6st. Bei einem Support von einigen wenigen Jahren eignen sich diese Handys nicht, um Daten langfristig verf\u00fcgbar zu halten. Daher gibt es Cloud-L\u00f6sungen, um Daten in der Wolke (extern) abzulegen. So elegant diese L\u00f6sungen erscheinen, die Datenhoheit liegt damit bei den Anbietern. Mehr denn je gilt, was privat ist, geh\u00f6rt nicht in fremde H\u00e4nde, und damit nicht in die externe Cloud.<\/p>\n<p>Ein Blick auf die Smartphonewelt zeigt, aktuell &#8222;herrscht&#8220; ein Duopol: Android gegen iOS. <strong><a href=\"https:\/\/de.statista.com\/statistik\/daten\/studie\/182363\/umfrage\/prognostizierte-marktanteile-bei-smartphone-betriebssystemen\/\">Gem\u00e4ss Statista.com<\/a><\/strong> betr\u00e4gt der Anteil von Android knapp 82 Prozent, jener von iOS 18 Prozent. Dass die 82 Prozent bei Android auf Linux beruhen, ist ein schwacher Trost. Android ist derart beschr\u00e4nkt, dass nicht in Ans\u00e4tzen von einer offenen L\u00f6sung die Rede sein kann.<\/p>\n<p>Ganz allgemein bei Smartphones gilt, der Zugriff auf die Daten ist nur solange m\u00f6glich, wie Hersteller dies zulassen bzw. die entsprechenden Produkte im Support unterst\u00fctzen. Kurz und gut, auch wenn im Unterbau Open Source zum Einsatz kommt, f\u00fcr die Anwender\/innen bleibt wenig \u00fcbrig, weil die Systeme intransparent arbeiten.<\/p>\n<p>Dank Web-Applikationen (HTML-Protokoll) besteht zwar die M\u00f6glichkeit, die Daten auf eigenen Rechnern (lokal) zu speichern. Beim Desktop besteht mit Linux zumindest eine Alternative, bei den Smartphones gibt es diese Wahl faktisch nicht. Leider sind bislang alle Versuche, ein Smartphone auf der Basis von Open Source auf den Markt zu bringen, gescheitert.<\/p>\n<p>Daran \u00e4nderte auch das <a href=\"https:\/\/archivista.ch\/cms\/de\/aktuell-blog\/blogs-2022\/avmultiphone-v2\/\"><strong>PinePhone-Projekt (und letztlich auch AVMultiPhone)<\/strong><\/a> wenig. Zwar war die Hardware kosteng\u00fcnstig (anf\u00e4nglich 150 USD, heute ca. 200) und es war recht einfach, Linux darauf zu starten. Leider aber ist und bleibt die Softwareunterst\u00fctzung im Low-Level-Bereich (Kamera und Sensoren) eher mangelhaft, ein professioneller Business-Einsatz scheitert.<\/p>\n<p>Und darum musste das <strong><a href=\"https:\/\/archivista.ch\/cms\/de\/aktuell-blog\/blogs-2022\/avmultiphone-v2\/\">AVMultiPhone-Projekt<\/a><\/strong> im Jahre 2023 abermals sistiert werden. So sehr es f\u00fcr die ArchivistaBox w\u00fcnschbar w\u00e4re, ein Smartphone als Endger\u00e4t im Sortiment zu haben, aktuell ist dies (n\u00fcchtern betrachtet) nicht m\u00f6glich, zu hoch die Kosten der Entwicklung, zu d\u00fcrftig das Resultat im Business-Alltag.<\/p>\n<p><a href=\"https:\/\/archivista.ch\/cms\/wp-content\/uploads\/2024\/02\/davos3.jpg\"><img loading=\"lazy\" decoding=\"async\" class=\"alignnone size-full wp-image-9992\" src=\"https:\/\/archivista.ch\/cms\/wp-content\/uploads\/2024\/02\/davos3.jpg\" alt=\"\" width=\"1920\" height=\"485\" srcset=\"https:\/\/archivista.ch\/cms\/wp-content\/uploads\/2024\/02\/davos3.jpg 1920w, https:\/\/archivista.ch\/cms\/wp-content\/uploads\/2024\/02\/davos3-300x76.jpg 300w, https:\/\/archivista.ch\/cms\/wp-content\/uploads\/2024\/02\/davos3-1024x259.jpg 1024w, https:\/\/archivista.ch\/cms\/wp-content\/uploads\/2024\/02\/davos3-768x194.jpg 768w, https:\/\/archivista.ch\/cms\/wp-content\/uploads\/2024\/02\/davos3-600x152.jpg 600w, https:\/\/archivista.ch\/cms\/wp-content\/uploads\/2024\/02\/davos3-1536x388.jpg 1536w, https:\/\/archivista.ch\/cms\/wp-content\/uploads\/2024\/02\/davos3-624x158.jpg 624w\" sizes=\"auto, (max-width: 1920px) 100vw, 1920px\" \/><\/a><\/p>\n<h2>Die Zukunft ist und bleibt multimedial<\/h2>\n<p>Als 1998 die erste Version der ArchivistaBox auf den Markt kam, war die Welt nicht so, wie sie sich 2024 pr\u00e4sentiert. Dies d\u00fcrfte auch in Zukunft so sein. Trotzdem wird es dabei bleiben, unsere Produkte dienen dazu, Informationen langfristig verf\u00fcgbar zu halten. Das t\u00f6nt banal, ist es aber nicht.<\/p>\n<p>Dazu nur ein Beispiel: Wenn nach (schweizerischer) Rechtsprechung ein Telefonanbieter die Aufl\u00f6sung eines Vertrages zwingend \u00fcber das Telefon oder einen Web-Chat verlangen darf, wenn Vertr\u00e4ge \u00fcberwiegend m\u00fcndlich oder \u00fcbers Internet abgeschlossen werden, d\u00fcrfte es umso wichtiger sein, dies entsprechend zu dokumentieren. Dies gilt sowohl f\u00fcr Unternehmen wie Private. Und damit dies auch in Zukunft, einfach, preiswert und elegant m\u00f6glich sein wird, daf\u00fcr gibt es die ArchivistaBox.<\/p>\n\n\n\n\t<div class=\"dkpdf-button-container\" style=\"            text-align:right \">\n\n\t\t<a class=\"dkpdf-button\" href=\"\/cms\/wp-json\/wp\/v2\/pages\/9981?pdf=9981\" target=\"_blank\"><span class=\"dkpdf-button-icon\"><i class=\"fa fa-file-pdf-o\"><\/i><\/span> PDF Button<\/a>\n\n\t<\/div>\n\n\n\n\n\n","protected":false},"excerpt":{"rendered":"<p>Jahresr\u00fcckblick In den Bergen, 22. Februar 2024: Letztes Jahr an dieser Stelle erfolgte der Jahresr\u00fcckblick erst Mitte Januar. Dies ausdr\u00fccklich mit der Anmerkung, dass dies ausnahmsweise so sei. Und nun das, die Nabelschau auf das Jahr 2023 erfolgt gar erst im Februar. Geplant war es nicht, und doch bot diese gr\u00f6ssere Pause viel Zeit, um [&hellip;]<\/p>\n","protected":false},"author":1,"featured_media":0,"parent":168,"menu_order":151,"comment_status":"closed","ping_status":"closed","template":"","meta":{"_acf_changed":false,"footnotes":""},"class_list":["post-9981","page","type-page","status-publish","hentry"],"acf":[],"_links":{"self":[{"href":"https:\/\/archivista.ch\/cms\/wp-json\/wp\/v2\/pages\/9981","targetHints":{"allow":["GET"]}}],"collection":[{"href":"https:\/\/archivista.ch\/cms\/wp-json\/wp\/v2\/pages"}],"about":[{"href":"https:\/\/archivista.ch\/cms\/wp-json\/wp\/v2\/types\/page"}],"author":[{"embeddable":true,"href":"https:\/\/archivista.ch\/cms\/wp-json\/wp\/v2\/users\/1"}],"replies":[{"embeddable":true,"href":"https:\/\/archivista.ch\/cms\/wp-json\/wp\/v2\/comments?post=9981"}],"version-history":[{"count":10,"href":"https:\/\/archivista.ch\/cms\/wp-json\/wp\/v2\/pages\/9981\/revisions"}],"predecessor-version":[{"id":10003,"href":"https:\/\/archivista.ch\/cms\/wp-json\/wp\/v2\/pages\/9981\/revisions\/10003"}],"up":[{"embeddable":true,"href":"https:\/\/archivista.ch\/cms\/wp-json\/wp\/v2\/pages\/168"}],"wp:attachment":[{"href":"https:\/\/archivista.ch\/cms\/wp-json\/wp\/v2\/media?parent=9981"}],"curies":[{"name":"wp","href":"https:\/\/api.w.org\/{rel}","templated":true}]}}